{"id":1475,"date":"2011-04-19T22:39:57","date_gmt":"2011-04-19T20:39:57","guid":{"rendered":"http:\/\/blog.gam-essen.de\/?page_id=1475"},"modified":"2024-11-06T11:39:35","modified_gmt":"2024-11-06T10:39:35","slug":"paas","status":"publish","type":"page","link":"https:\/\/www.galerie-obrist.de\/en\/artists\/paas\/","title":{"rendered":"J\u00fcrgen Paas"},"content":{"rendered":"<p><b>WORKS<\/b><\/p>\n<div class=\"woocommerce columns-4 \"><ul class=\"products columns-4\">\n<li class=\"product type-product post-20046 status-publish first instock product_cat-malerei product_cat-callforprice product_cat-positions-2026 product_tag-callforprice product_tag-juergen-paas has-post-thumbnail taxable shipping-taxable product-type-simple\">\n\t<a href=\"https:\/\/www.galerie-obrist.de\/en\/produkt\/juergen-paas-jukebox-194-blau\/\" class=\"woocommerce-LoopProduct-link woocommerce-loop-product__link\"><img decoding=\"async\" width=\"300\" height=\"300\" data-src=\"https:\/\/www.galerie-obrist.de\/wordpress\/wp-content\/uploads\/2026\/03\/IMG_6021-scaled-300x300.jpg\" class=\"attachment-woocommerce_thumbnail size-woocommerce_thumbnail lazyload\" alt=\"J\u00fcrgen Paas: JUKEBOX (194 blau)\" data-srcset=\"https:\/\/www.galerie-obrist.de\/wordpress\/wp-content\/uploads\/2026\/03\/IMG_6021-scaled-300x300.jpg 300w, https:\/\/www.galerie-obrist.de\/wordpress\/wp-content\/uploads\/2026\/03\/IMG_6021-150x150.jpg 150w\" data-sizes=\"100vw\" src=\"data:image\/svg+xml;base64,PHN2ZyB3aWR0aD0iMSIgaGVpZ2h0PSIxIiB4bWxucz0iaHR0cDovL3d3dy53My5vcmcvMjAwMC9zdmciPjwvc3ZnPg==\" style=\"--smush-placeholder-width: 300px; --smush-placeholder-aspect-ratio: 300\/300;\" \/><h2 class=\"woocommerce-loop-product__title\">J\u00fcrgen Paas: JUKEBOX (194 blau)<\/h2>\n\t<span class=\"price\"><span class=\"woocommerce-Price-amount amount\"><bdi>12.500,00&nbsp;<span class=\"woocommerce-Price-currencySymbol\">&euro;<\/span><\/bdi><\/span><\/span>\n<\/a><a href=\"https:\/\/www.galerie-obrist.de\/en\/produkt\/juergen-paas-jukebox-194-blau\/\" class=\"button product_type_simple\">Details<\/a>\t<span id=\"woocommerce_loop_add_to_cart_link_describedby_20046\" class=\"screen-reader-text\">\n\t\t\t<\/span>\n<\/li>\n<li class=\"product type-product post-19978 status-publish instock product_cat-05grafik product_cat-time-limited-edition product_tag-juergen-paas product_tag-time-limited-edition has-post-thumbnail taxable shipping-taxable purchasable product-type-variable has-default-attributes\">\n\t<a href=\"https:\/\/www.galerie-obrist.de\/en\/produkt\/juergen-paas-rose\/\" class=\"woocommerce-LoopProduct-link woocommerce-loop-product__link\"><img decoding=\"async\" width=\"300\" height=\"300\" data-src=\"https:\/\/www.galerie-obrist.de\/wordpress\/wp-content\/uploads\/2026\/03\/EDIT_FLORALFARBEN-300x300.png\" class=\"attachment-woocommerce_thumbnail size-woocommerce_thumbnail lazyload\" alt=\"J\u00fcrgen Paas: Rose\" data-srcset=\"https:\/\/www.galerie-obrist.de\/wordpress\/wp-content\/uploads\/2026\/03\/EDIT_FLORALFARBEN-300x300.png 300w, https:\/\/www.galerie-obrist.de\/wordpress\/wp-content\/uploads\/2026\/03\/EDIT_FLORALFARBEN-1024x1024.png 1024w, https:\/\/www.galerie-obrist.de\/wordpress\/wp-content\/uploads\/2026\/03\/EDIT_FLORALFARBEN-150x150.png 150w, https:\/\/www.galerie-obrist.de\/wordpress\/wp-content\/uploads\/2026\/03\/EDIT_FLORALFARBEN-600x600.png 600w, https:\/\/www.galerie-obrist.de\/wordpress\/wp-content\/uploads\/2026\/03\/EDIT_FLORALFARBEN.png 1701w\" data-sizes=\"100vw\" src=\"data:image\/svg+xml;base64,PHN2ZyB3aWR0aD0iMSIgaGVpZ2h0PSIxIiB4bWxucz0iaHR0cDovL3d3dy53My5vcmcvMjAwMC9zdmciPjwvc3ZnPg==\" style=\"--smush-placeholder-width: 300px; --smush-placeholder-aspect-ratio: 300\/300;\" \/><h2 class=\"woocommerce-loop-product__title\">J\u00fcrgen Paas: Rose<\/h2>\n\t<span class=\"price\"><span class=\"woocommerce-Price-amount amount\"><bdi>450,00&nbsp;<span class=\"woocommerce-Price-currencySymbol\">&euro;<\/span><\/bdi><\/span> \u2013 <span class=\"woocommerce-Price-amount amount\"><bdi>600,00&nbsp;<span class=\"woocommerce-Price-currencySymbol\">&euro;<\/span><\/bdi><\/span><\/span>\n<\/a><a href=\"https:\/\/www.galerie-obrist.de\/en\/produkt\/juergen-paas-rose\/\" class=\"button product_type_variable\">Details<\/a>\t<span id=\"woocommerce_loop_add_to_cart_link_describedby_19978\" class=\"screen-reader-text\">\n\t\tThis product has multiple variants. The options may be chosen on the product page\t<\/span>\n<\/li>\n<li class=\"product type-product post-19949 status-publish instock product_cat-malerei product_cat-callforprice product_cat-vip-lounge product_tag-callforprice product_tag-juergen-paas has-post-thumbnail taxable shipping-taxable product-type-simple\">\n\t<a href=\"https:\/\/www.galerie-obrist.de\/en\/produkt\/juergen-paas-jukebox-361-dunkelrot\/\" class=\"woocommerce-LoopProduct-link woocommerce-loop-product__link\"><img decoding=\"async\" width=\"300\" height=\"300\" data-src=\"https:\/\/www.galerie-obrist.de\/wordpress\/wp-content\/uploads\/2026\/02\/Bildschirmfoto-2026-02-26-um-15.05.30-300x300.png\" class=\"attachment-woocommerce_thumbnail size-woocommerce_thumbnail lazyload\" alt=\"J\u00fcrgen Paas: JUKEBOX (361 dunkelrot)\" data-srcset=\"https:\/\/www.galerie-obrist.de\/wordpress\/wp-content\/uploads\/2026\/02\/Bildschirmfoto-2026-02-26-um-15.05.30-300x300.png 300w, https:\/\/www.galerie-obrist.de\/wordpress\/wp-content\/uploads\/2026\/02\/Bildschirmfoto-2026-02-26-um-15.05.30-150x150.png 150w\" data-sizes=\"100vw\" src=\"data:image\/svg+xml;base64,PHN2ZyB3aWR0aD0iMSIgaGVpZ2h0PSIxIiB4bWxucz0iaHR0cDovL3d3dy53My5vcmcvMjAwMC9zdmciPjwvc3ZnPg==\" style=\"--smush-placeholder-width: 300px; --smush-placeholder-aspect-ratio: 300\/300;\" \/><h2 class=\"woocommerce-loop-product__title\">J\u00fcrgen Paas: JUKEBOX (361 dunkelrot)<\/h2>\n\t<span class=\"price\"><span class=\"woocommerce-Price-amount amount\"><bdi>13.500,00&nbsp;<span class=\"woocommerce-Price-currencySymbol\">&euro;<\/span><\/bdi><\/span><\/span>\n<\/a><a href=\"https:\/\/www.galerie-obrist.de\/en\/produkt\/juergen-paas-jukebox-361-dunkelrot\/\" class=\"button product_type_simple\">Details<\/a>\t<span id=\"woocommerce_loop_add_to_cart_link_describedby_19949\" class=\"screen-reader-text\">\n\t\t\t<\/span>\n<\/li>\n<li class=\"product type-product post-19848 status-publish last instock product_cat-art-karlsruhe-2026 product_cat-malerei product_cat-callforprice product_cat-positions-2026 product_tag-callforprice product_tag-juergen-paas has-post-thumbnail taxable shipping-taxable product-type-simple\">\n\t<a href=\"https:\/\/www.galerie-obrist.de\/en\/produkt\/juergen-paas-jukebox-334-dunkelrot\/\" class=\"woocommerce-LoopProduct-link woocommerce-loop-product__link\"><img decoding=\"async\" width=\"300\" height=\"300\" data-src=\"https:\/\/www.galerie-obrist.de\/wordpress\/wp-content\/uploads\/2026\/01\/IMG_6023-scaled-300x300.jpg\" class=\"attachment-woocommerce_thumbnail size-woocommerce_thumbnail lazyload\" alt=\"J\u00fcrgen Paas: JUKEBOX (334 dunkelrot)\" data-srcset=\"https:\/\/www.galerie-obrist.de\/wordpress\/wp-content\/uploads\/2026\/01\/IMG_6023-scaled-300x300.jpg 300w, https:\/\/www.galerie-obrist.de\/wordpress\/wp-content\/uploads\/2026\/01\/IMG_6023-150x150.jpg 150w\" data-sizes=\"100vw\" src=\"data:image\/svg+xml;base64,PHN2ZyB3aWR0aD0iMSIgaGVpZ2h0PSIxIiB4bWxucz0iaHR0cDovL3d3dy53My5vcmcvMjAwMC9zdmciPjwvc3ZnPg==\" style=\"--smush-placeholder-width: 300px; --smush-placeholder-aspect-ratio: 300\/300;\" \/><h2 class=\"woocommerce-loop-product__title\">J\u00fcrgen Paas: JUKEBOX (334 dunkelrot)<\/h2>\n\t<span class=\"price\"><span class=\"woocommerce-Price-amount amount\"><bdi>12.500,00&nbsp;<span class=\"woocommerce-Price-currencySymbol\">&euro;<\/span><\/bdi><\/span><\/span>\n<\/a><a href=\"https:\/\/www.galerie-obrist.de\/en\/produkt\/juergen-paas-jukebox-334-dunkelrot\/\" class=\"button product_type_simple\">Details<\/a>\t<span id=\"woocommerce_loop_add_to_cart_link_describedby_19848\" class=\"screen-reader-text\">\n\t\t\t<\/span>\n<\/li>\n<li class=\"product type-product post-19846 status-publish first instock product_cat-art-karlsruhe-2026 product_cat-malerei product_cat-callforprice product_tag-callforprice product_tag-juergen-paas has-post-thumbnail taxable shipping-taxable product-type-simple\">\n\t<a href=\"https:\/\/www.galerie-obrist.de\/en\/produkt\/juergen-paas-jukebox-355-enzianblau\/\" class=\"woocommerce-LoopProduct-link woocommerce-loop-product__link\"><img decoding=\"async\" width=\"300\" height=\"300\" data-src=\"https:\/\/www.galerie-obrist.de\/wordpress\/wp-content\/uploads\/2026\/01\/Bildschirmfoto-2026-01-31-um-15.48.32-300x300.png\" class=\"attachment-woocommerce_thumbnail size-woocommerce_thumbnail lazyload\" alt=\"J\u00fcrgen Paas: JUKEBOX (355 enzianblau)\" data-srcset=\"https:\/\/www.galerie-obrist.de\/wordpress\/wp-content\/uploads\/2026\/01\/Bildschirmfoto-2026-01-31-um-15.48.32-300x300.png 300w, https:\/\/www.galerie-obrist.de\/wordpress\/wp-content\/uploads\/2026\/01\/Bildschirmfoto-2026-01-31-um-15.48.32-150x150.png 150w, https:\/\/www.galerie-obrist.de\/wordpress\/wp-content\/uploads\/2026\/01\/Bildschirmfoto-2026-01-31-um-15.48.32-100x100.png 100w\" data-sizes=\"100vw\" src=\"data:image\/svg+xml;base64,PHN2ZyB3aWR0aD0iMSIgaGVpZ2h0PSIxIiB4bWxucz0iaHR0cDovL3d3dy53My5vcmcvMjAwMC9zdmciPjwvc3ZnPg==\" style=\"--smush-placeholder-width: 300px; --smush-placeholder-aspect-ratio: 300\/300;\" \/><h2 class=\"woocommerce-loop-product__title\">J\u00fcrgen Paas: JUKEBOX (355 enzianblau)<\/h2>\n\t<span class=\"price\"><span class=\"woocommerce-Price-amount amount\"><bdi>12.500,00&nbsp;<span class=\"woocommerce-Price-currencySymbol\">&euro;<\/span><\/bdi><\/span><\/span>\n<\/a><a href=\"https:\/\/www.galerie-obrist.de\/en\/produkt\/juergen-paas-jukebox-355-enzianblau\/\" class=\"button product_type_simple\">Details<\/a>\t<span id=\"woocommerce_loop_add_to_cart_link_describedby_19846\" class=\"screen-reader-text\">\n\t\t\t<\/span>\n<\/li>\n<li class=\"product type-product post-19844 status-publish instock product_cat-art-karlsruhe-2026 product_cat-malerei product_cat-callforprice product_tag-callforprice product_tag-juergen-paas has-post-thumbnail taxable shipping-taxable product-type-simple\">\n\t<a href=\"https:\/\/www.galerie-obrist.de\/en\/produkt\/juergen-paas-jukebox-358-silber\/\" class=\"woocommerce-LoopProduct-link woocommerce-loop-product__link\"><img decoding=\"async\" width=\"300\" height=\"300\" data-src=\"https:\/\/www.galerie-obrist.de\/wordpress\/wp-content\/uploads\/2026\/01\/Bildschirmfoto-2026-01-31-um-13.41.29-300x300.png\" class=\"attachment-woocommerce_thumbnail size-woocommerce_thumbnail lazyload\" alt=\"J\u00fcrgen Paas: JUKEBOX (358 silber)\" data-srcset=\"https:\/\/www.galerie-obrist.de\/wordpress\/wp-content\/uploads\/2026\/01\/Bildschirmfoto-2026-01-31-um-13.41.29-300x300.png 300w, https:\/\/www.galerie-obrist.de\/wordpress\/wp-content\/uploads\/2026\/01\/Bildschirmfoto-2026-01-31-um-13.41.29-150x150.png 150w, https:\/\/www.galerie-obrist.de\/wordpress\/wp-content\/uploads\/2026\/01\/Bildschirmfoto-2026-01-31-um-13.41.29-100x100.png 100w\" data-sizes=\"100vw\" src=\"data:image\/svg+xml;base64,PHN2ZyB3aWR0aD0iMSIgaGVpZ2h0PSIxIiB4bWxucz0iaHR0cDovL3d3dy53My5vcmcvMjAwMC9zdmciPjwvc3ZnPg==\" style=\"--smush-placeholder-width: 300px; --smush-placeholder-aspect-ratio: 300\/300;\" \/><h2 class=\"woocommerce-loop-product__title\">J\u00fcrgen Paas: JUKEBOX (358 silber)<\/h2>\n\t<span class=\"price\"><span class=\"woocommerce-Price-amount amount\"><bdi>11.750,00&nbsp;<span class=\"woocommerce-Price-currencySymbol\">&euro;<\/span><\/bdi><\/span><\/span>\n<\/a><a href=\"https:\/\/www.galerie-obrist.de\/en\/produkt\/juergen-paas-jukebox-358-silber\/\" class=\"button product_type_simple\">Details<\/a>\t<span id=\"woocommerce_loop_add_to_cart_link_describedby_19844\" class=\"screen-reader-text\">\n\t\t\t<\/span>\n<\/li>\n<li class=\"product type-product post-19842 status-publish instock product_cat-art-karlsruhe-2026 product_cat-malerei product_cat-callforprice product_tag-callforprice product_tag-juergen-paas has-post-thumbnail taxable shipping-taxable product-type-simple\">\n\t<a href=\"https:\/\/www.galerie-obrist.de\/en\/produkt\/juergen-paas-jukebox-354-enzianblau\/\" class=\"woocommerce-LoopProduct-link woocommerce-loop-product__link\"><img decoding=\"async\" width=\"300\" height=\"300\" data-src=\"https:\/\/www.galerie-obrist.de\/wordpress\/wp-content\/uploads\/2026\/01\/Bildschirmfoto-2026-01-31-um-13.41.17-300x300.png\" class=\"attachment-woocommerce_thumbnail size-woocommerce_thumbnail lazyload\" alt=\"J\u00fcrgen Paas: JUKEBOX (354 enzianblau)\" data-srcset=\"https:\/\/www.galerie-obrist.de\/wordpress\/wp-content\/uploads\/2026\/01\/Bildschirmfoto-2026-01-31-um-13.41.17-300x300.png 300w, https:\/\/www.galerie-obrist.de\/wordpress\/wp-content\/uploads\/2026\/01\/Bildschirmfoto-2026-01-31-um-13.41.17-150x150.png 150w, https:\/\/www.galerie-obrist.de\/wordpress\/wp-content\/uploads\/2026\/01\/Bildschirmfoto-2026-01-31-um-13.41.17-100x100.png 100w\" data-sizes=\"100vw\" src=\"data:image\/svg+xml;base64,PHN2ZyB3aWR0aD0iMSIgaGVpZ2h0PSIxIiB4bWxucz0iaHR0cDovL3d3dy53My5vcmcvMjAwMC9zdmciPjwvc3ZnPg==\" style=\"--smush-placeholder-width: 300px; --smush-placeholder-aspect-ratio: 300\/300;\" \/><h2 class=\"woocommerce-loop-product__title\">J\u00fcrgen Paas: JUKEBOX (354 enzianblau)<\/h2>\n\t<span class=\"price\"><span class=\"woocommerce-Price-amount amount\"><bdi>12.500,00&nbsp;<span class=\"woocommerce-Price-currencySymbol\">&euro;<\/span><\/bdi><\/span><\/span>\n<\/a><a href=\"https:\/\/www.galerie-obrist.de\/en\/produkt\/juergen-paas-jukebox-354-enzianblau\/\" class=\"button product_type_simple\">Details<\/a>\t<span id=\"woocommerce_loop_add_to_cart_link_describedby_19842\" class=\"screen-reader-text\">\n\t\t\t<\/span>\n<\/li>\n<li class=\"product type-product post-19838 status-publish last instock product_cat-art-karlsruhe-2026 product_cat-malerei product_cat-callforprice product_cat-vip-lounge product_tag-callforprice product_tag-juergen-paas has-post-thumbnail taxable shipping-taxable product-type-simple\">\n\t<a href=\"https:\/\/www.galerie-obrist.de\/en\/produkt\/juergen-paas-jukebox-225\/\" class=\"woocommerce-LoopProduct-link woocommerce-loop-product__link\"><img decoding=\"async\" width=\"300\" height=\"300\" data-src=\"https:\/\/www.galerie-obrist.de\/wordpress\/wp-content\/uploads\/2026\/01\/Bildschirmfoto-2026-01-31-um-13.35.08-300x300.png\" class=\"attachment-woocommerce_thumbnail size-woocommerce_thumbnail lazyload\" alt=\"J\u00fcrgen Paas: JUKEBOX (225 schwarzmatt)\" data-srcset=\"https:\/\/www.galerie-obrist.de\/wordpress\/wp-content\/uploads\/2026\/01\/Bildschirmfoto-2026-01-31-um-13.35.08-300x300.png 300w, https:\/\/www.galerie-obrist.de\/wordpress\/wp-content\/uploads\/2026\/01\/Bildschirmfoto-2026-01-31-um-13.35.08-150x150.png 150w, https:\/\/www.galerie-obrist.de\/wordpress\/wp-content\/uploads\/2026\/01\/Bildschirmfoto-2026-01-31-um-13.35.08-100x100.png 100w\" data-sizes=\"100vw\" src=\"data:image\/svg+xml;base64,PHN2ZyB3aWR0aD0iMSIgaGVpZ2h0PSIxIiB4bWxucz0iaHR0cDovL3d3dy53My5vcmcvMjAwMC9zdmciPjwvc3ZnPg==\" style=\"--smush-placeholder-width: 300px; --smush-placeholder-aspect-ratio: 300\/300;\" \/><h2 class=\"woocommerce-loop-product__title\">J\u00fcrgen Paas: JUKEBOX (225 schwarzmatt)<\/h2>\n\t<span class=\"price\"><span class=\"woocommerce-Price-amount amount\"><bdi>19.500,00&nbsp;<span class=\"woocommerce-Price-currencySymbol\">&euro;<\/span><\/bdi><\/span><\/span>\n<\/a><a href=\"https:\/\/www.galerie-obrist.de\/en\/produkt\/juergen-paas-jukebox-225\/\" class=\"button product_type_simple\">Details<\/a>\t<span id=\"woocommerce_loop_add_to_cart_link_describedby_19838\" class=\"screen-reader-text\">\n\t\t\t<\/span>\n<\/li>\n<li class=\"product type-product post-19835 status-publish first instock product_cat-art-karlsruhe-2026 product_cat-malerei product_cat-callforprice product_tag-juergen-paas has-post-thumbnail taxable shipping-taxable product-type-simple\">\n\t<a href=\"https:\/\/www.galerie-obrist.de\/en\/produkt\/juergen-paas-popplanet-140\/\" class=\"woocommerce-LoopProduct-link woocommerce-loop-product__link\"><img decoding=\"async\" width=\"300\" height=\"300\" data-src=\"https:\/\/www.galerie-obrist.de\/wordpress\/wp-content\/uploads\/2026\/01\/Bildschirmfoto-2026-01-31-um-13.17.47-300x300.png\" class=\"attachment-woocommerce_thumbnail size-woocommerce_thumbnail lazyload\" alt=\"J\u00fcrgen Paas: POPPLANET (140)\" data-srcset=\"https:\/\/www.galerie-obrist.de\/wordpress\/wp-content\/uploads\/2026\/01\/Bildschirmfoto-2026-01-31-um-13.17.47-300x300.png 300w, https:\/\/www.galerie-obrist.de\/wordpress\/wp-content\/uploads\/2026\/01\/Bildschirmfoto-2026-01-31-um-13.17.47-150x150.png 150w, https:\/\/www.galerie-obrist.de\/wordpress\/wp-content\/uploads\/2026\/01\/Bildschirmfoto-2026-01-31-um-13.17.47-100x100.png 100w\" data-sizes=\"100vw\" src=\"data:image\/svg+xml;base64,PHN2ZyB3aWR0aD0iMSIgaGVpZ2h0PSIxIiB4bWxucz0iaHR0cDovL3d3dy53My5vcmcvMjAwMC9zdmciPjwvc3ZnPg==\" style=\"--smush-placeholder-width: 300px; --smush-placeholder-aspect-ratio: 300\/300;\" \/><h2 class=\"woocommerce-loop-product__title\">J\u00fcrgen Paas: POPPLANET (140)<\/h2>\n\t<span class=\"price\"><span class=\"woocommerce-Price-amount amount\"><bdi>5.350,00&nbsp;<span class=\"woocommerce-Price-currencySymbol\">&euro;<\/span><\/bdi><\/span><\/span>\n<\/a><a href=\"https:\/\/www.galerie-obrist.de\/en\/produkt\/juergen-paas-popplanet-140\/\" class=\"button product_type_simple\">Details<\/a>\t<span id=\"woocommerce_loop_add_to_cart_link_describedby_19835\" class=\"screen-reader-text\">\n\t\t\t<\/span>\n<\/li>\n<li class=\"product type-product post-19780 status-publish outofstock product_cat-malerei product_cat-callforprice product_tag-juergen-paas has-post-thumbnail taxable shipping-taxable product-type-simple\">\n\t<a href=\"https:\/\/www.galerie-obrist.de\/en\/produkt\/juergen-paas-jukebox-214\/\" class=\"woocommerce-LoopProduct-link woocommerce-loop-product__link\"><img decoding=\"async\" width=\"300\" height=\"300\" data-src=\"https:\/\/www.galerie-obrist.de\/wordpress\/wp-content\/uploads\/2026\/01\/IMG_20260115_142657-scaled-300x300.jpg\" class=\"attachment-woocommerce_thumbnail size-woocommerce_thumbnail lazyload\" alt=\"J\u00fcrgen Paas: JUKEBOX (214)\" data-srcset=\"https:\/\/www.galerie-obrist.de\/wordpress\/wp-content\/uploads\/2026\/01\/IMG_20260115_142657-scaled-300x300.jpg 300w, https:\/\/www.galerie-obrist.de\/wordpress\/wp-content\/uploads\/2026\/01\/IMG_20260115_142657-150x150.jpg 150w\" data-sizes=\"100vw\" src=\"data:image\/svg+xml;base64,PHN2ZyB3aWR0aD0iMSIgaGVpZ2h0PSIxIiB4bWxucz0iaHR0cDovL3d3dy53My5vcmcvMjAwMC9zdmciPjwvc3ZnPg==\" style=\"--smush-placeholder-width: 300px; --smush-placeholder-aspect-ratio: 300\/300;\" \/>\t<span class=\"wcosm_soldout\">NICHT MEHR VERF\u00dcGBAR!<\/span>\t<style> .woocommerce .product span.wcosm_soldout{background-color: #56c997; color:#fdfdfd; position: absolute;z-index: 999;padding: 5px 10px;border-radius:2px; right: -5px;top: -5px;width:fit-content; }<\/style>\r\n\t<h2 class=\"woocommerce-loop-product__title\">J\u00fcrgen Paas: JUKEBOX (214)<\/h2>\n\t<span class=\"price\"><span class=\"woocommerce-Price-amount amount\"><bdi>7.400,00&nbsp;<span class=\"woocommerce-Price-currencySymbol\">&euro;<\/span><\/bdi><\/span><\/span>\n<\/a><a href=\"https:\/\/www.galerie-obrist.de\/en\/produkt\/juergen-paas-jukebox-214\/\" class=\"button product_type_simple\">Details<\/a>\t<span id=\"woocommerce_loop_add_to_cart_link_describedby_19780\" class=\"screen-reader-text\">\n\t\t\t<\/span>\n<\/li>\n<li class=\"product type-product post-19767 status-publish instock product_cat-art-karlsruhe-2026 product_cat-malerei product_cat-callforprice product_cat-positions-2026 product_tag-juergen-paas has-post-thumbnail taxable shipping-taxable product-type-simple\">\n\t<a href=\"https:\/\/www.galerie-obrist.de\/en\/produkt\/juergen-paas-jukebox-113\/\" class=\"woocommerce-LoopProduct-link woocommerce-loop-product__link\"><img decoding=\"async\" width=\"300\" height=\"300\" data-src=\"https:\/\/www.galerie-obrist.de\/wordpress\/wp-content\/uploads\/2026\/01\/IMG_5671-scaled-300x300.jpg\" class=\"attachment-woocommerce_thumbnail size-woocommerce_thumbnail lazyload\" alt=\"J\u00fcrgen Paas: JUKEBOX (113)\" data-srcset=\"https:\/\/www.galerie-obrist.de\/wordpress\/wp-content\/uploads\/2026\/01\/IMG_5671-scaled-300x300.jpg 300w, https:\/\/www.galerie-obrist.de\/wordpress\/wp-content\/uploads\/2026\/01\/IMG_5671-150x150.jpg 150w, https:\/\/www.galerie-obrist.de\/wordpress\/wp-content\/uploads\/2026\/01\/IMG_5671-scaled-100x100.jpg 100w\" data-sizes=\"100vw\" src=\"data:image\/svg+xml;base64,PHN2ZyB3aWR0aD0iMSIgaGVpZ2h0PSIxIiB4bWxucz0iaHR0cDovL3d3dy53My5vcmcvMjAwMC9zdmciPjwvc3ZnPg==\" style=\"--smush-placeholder-width: 300px; --smush-placeholder-aspect-ratio: 300\/300;\" \/><h2 class=\"woocommerce-loop-product__title\">J\u00fcrgen Paas: JUKEBOX (113)<\/h2>\n\t<span class=\"price\"><span class=\"woocommerce-Price-amount amount\"><bdi>5.500,00&nbsp;<span class=\"woocommerce-Price-currencySymbol\">&euro;<\/span><\/bdi><\/span><\/span>\n<\/a><a href=\"https:\/\/www.galerie-obrist.de\/en\/produkt\/juergen-paas-jukebox-113\/\" class=\"button product_type_simple\">Details<\/a>\t<span id=\"woocommerce_loop_add_to_cart_link_describedby_19767\" class=\"screen-reader-text\">\n\t\t\t<\/span>\n<\/li>\n<li class=\"product type-product post-19190 status-publish last instock product_cat-art-salon-zurich-25 product_cat-malerei product_cat-callforprice product_tag-callforprice product_tag-juergen-paas has-post-thumbnail taxable shipping-taxable product-type-simple\">\n\t<a href=\"https:\/\/www.galerie-obrist.de\/en\/produkt\/juergen-paas-jukebox-370-hellgelb\/\" class=\"woocommerce-LoopProduct-link woocommerce-loop-product__link\"><img decoding=\"async\" width=\"300\" height=\"300\" data-src=\"https:\/\/www.galerie-obrist.de\/wordpress\/wp-content\/uploads\/2025\/10\/IMG_5062-1-scaled-300x300.jpeg\" class=\"attachment-woocommerce_thumbnail size-woocommerce_thumbnail lazyload\" alt=\"J\u00fcrgen Paas: JUKEBOX (370 hellgelb)\" data-srcset=\"https:\/\/www.galerie-obrist.de\/wordpress\/wp-content\/uploads\/2025\/10\/IMG_5062-1-scaled-300x300.jpeg 300w, https:\/\/www.galerie-obrist.de\/wordpress\/wp-content\/uploads\/2025\/10\/IMG_5062-1-150x150.jpeg 150w\" data-sizes=\"100vw\" src=\"data:image\/svg+xml;base64,PHN2ZyB3aWR0aD0iMSIgaGVpZ2h0PSIxIiB4bWxucz0iaHR0cDovL3d3dy53My5vcmcvMjAwMC9zdmciPjwvc3ZnPg==\" style=\"--smush-placeholder-width: 300px; --smush-placeholder-aspect-ratio: 300\/300;\" \/><h2 class=\"woocommerce-loop-product__title\">J\u00fcrgen Paas: JUKEBOX (370 hellgelb)<\/h2>\n\t<span class=\"price\"><span class=\"woocommerce-Price-amount amount\"><bdi>17.500,00&nbsp;<span class=\"woocommerce-Price-currencySymbol\">&euro;<\/span><\/bdi><\/span><\/span>\n<\/a><a href=\"https:\/\/www.galerie-obrist.de\/en\/produkt\/juergen-paas-jukebox-370-hellgelb\/\" class=\"button product_type_simple\">Details<\/a>\t<span id=\"woocommerce_loop_add_to_cart_link_describedby_19190\" class=\"screen-reader-text\">\n\t\t\t<\/span>\n<\/li>\n<li class=\"product type-product post-19191 status-publish first instock product_cat-art-salon-zurich-25 product_cat-malerei product_cat-callforprice product_tag-callforprice product_tag-juergen-paas has-post-thumbnail taxable shipping-taxable product-type-simple\">\n\t<a href=\"https:\/\/www.galerie-obrist.de\/en\/produkt\/juergen-paas-jukebox-371-orange\/\" class=\"woocommerce-LoopProduct-link woocommerce-loop-product__link\"><img decoding=\"async\" width=\"300\" height=\"300\" data-src=\"https:\/\/www.galerie-obrist.de\/wordpress\/wp-content\/uploads\/2025\/10\/Bildschirmfoto-2025-10-15-um-12.44.32-300x300.png\" class=\"attachment-woocommerce_thumbnail size-woocommerce_thumbnail lazyload\" alt=\"J\u00fcrgen Paas: JUKEBOX (371 orange)\" data-srcset=\"https:\/\/www.galerie-obrist.de\/wordpress\/wp-content\/uploads\/2025\/10\/Bildschirmfoto-2025-10-15-um-12.44.32-300x300.png 300w, https:\/\/www.galerie-obrist.de\/wordpress\/wp-content\/uploads\/2025\/10\/Bildschirmfoto-2025-10-15-um-12.44.32-150x150.png 150w, https:\/\/www.galerie-obrist.de\/wordpress\/wp-content\/uploads\/2025\/10\/Bildschirmfoto-2025-10-15-um-12.44.32-100x100.png 100w\" data-sizes=\"100vw\" src=\"data:image\/svg+xml;base64,PHN2ZyB3aWR0aD0iMSIgaGVpZ2h0PSIxIiB4bWxucz0iaHR0cDovL3d3dy53My5vcmcvMjAwMC9zdmciPjwvc3ZnPg==\" style=\"--smush-placeholder-width: 300px; --smush-placeholder-aspect-ratio: 300\/300;\" \/><h2 class=\"woocommerce-loop-product__title\">J\u00fcrgen Paas: JUKEBOX (371 orange)<\/h2>\n\t<span class=\"price\"><span class=\"woocommerce-Price-amount amount\"><bdi>17.500,00&nbsp;<span class=\"woocommerce-Price-currencySymbol\">&euro;<\/span><\/bdi><\/span><\/span>\n<\/a><a href=\"https:\/\/www.galerie-obrist.de\/en\/produkt\/juergen-paas-jukebox-371-orange\/\" class=\"button product_type_simple\">Details<\/a>\t<span id=\"woocommerce_loop_add_to_cart_link_describedby_19191\" class=\"screen-reader-text\">\n\t\t\t<\/span>\n<\/li>\n<li class=\"product type-product post-19193 status-publish instock product_cat-art-salon-zurich-25 product_cat-malerei product_cat-callforprice product_tag-callforprice product_tag-juergen-paas has-post-thumbnail taxable shipping-taxable product-type-simple\">\n\t<a href=\"https:\/\/www.galerie-obrist.de\/en\/produkt\/juergen-paas-jukebox-365-rot\/\" class=\"woocommerce-LoopProduct-link woocommerce-loop-product__link\"><img decoding=\"async\" width=\"300\" height=\"300\" data-src=\"https:\/\/www.galerie-obrist.de\/wordpress\/wp-content\/uploads\/2025\/10\/IMG_5056-2-scaled-300x300.jpeg\" class=\"attachment-woocommerce_thumbnail size-woocommerce_thumbnail lazyload\" alt=\"J\u00fcrgen Paas: JUKEBOX (365 rot)\" data-srcset=\"https:\/\/www.galerie-obrist.de\/wordpress\/wp-content\/uploads\/2025\/10\/IMG_5056-2-scaled-300x300.jpeg 300w, https:\/\/www.galerie-obrist.de\/wordpress\/wp-content\/uploads\/2025\/10\/IMG_5056-2-150x150.jpeg 150w\" data-sizes=\"100vw\" src=\"data:image\/svg+xml;base64,PHN2ZyB3aWR0aD0iMSIgaGVpZ2h0PSIxIiB4bWxucz0iaHR0cDovL3d3dy53My5vcmcvMjAwMC9zdmciPjwvc3ZnPg==\" style=\"--smush-placeholder-width: 300px; --smush-placeholder-aspect-ratio: 300\/300;\" \/><h2 class=\"woocommerce-loop-product__title\">J\u00fcrgen Paas: JUKEBOX (365 rot)<\/h2>\n\t<span class=\"price\"><span class=\"woocommerce-Price-amount amount\"><bdi>12.500,00&nbsp;<span class=\"woocommerce-Price-currencySymbol\">&euro;<\/span><\/bdi><\/span><\/span>\n<\/a><a href=\"https:\/\/www.galerie-obrist.de\/en\/produkt\/juergen-paas-jukebox-365-rot\/\" class=\"button product_type_simple\">Details<\/a>\t<span id=\"woocommerce_loop_add_to_cart_link_describedby_19193\" class=\"screen-reader-text\">\n\t\t\t<\/span>\n<\/li>\n<li class=\"product type-product post-19196 status-publish instock product_cat-art-salon-zurich-25 product_cat-malerei product_cat-callforprice product_tag-callforprice product_tag-juergen-paas has-post-thumbnail taxable shipping-taxable product-type-simple\">\n\t<a href=\"https:\/\/www.galerie-obrist.de\/en\/produkt\/juergen-paas-jukebox-347-orange\/\" class=\"woocommerce-LoopProduct-link woocommerce-loop-product__link\"><img decoding=\"async\" width=\"300\" height=\"300\" data-src=\"https:\/\/www.galerie-obrist.de\/wordpress\/wp-content\/uploads\/2025\/10\/Bildschirmfoto-2025-10-15-um-12.59.25-300x300.png\" class=\"attachment-woocommerce_thumbnail size-woocommerce_thumbnail lazyload\" alt=\"J\u00fcrgen Paas: JUKEBOX (347 orange)\" data-srcset=\"https:\/\/www.galerie-obrist.de\/wordpress\/wp-content\/uploads\/2025\/10\/Bildschirmfoto-2025-10-15-um-12.59.25-300x300.png 300w, https:\/\/www.galerie-obrist.de\/wordpress\/wp-content\/uploads\/2025\/10\/Bildschirmfoto-2025-10-15-um-12.59.25-150x150.png 150w, https:\/\/www.galerie-obrist.de\/wordpress\/wp-content\/uploads\/2025\/10\/Bildschirmfoto-2025-10-15-um-12.59.25-100x100.png 100w\" data-sizes=\"100vw\" src=\"data:image\/svg+xml;base64,PHN2ZyB3aWR0aD0iMSIgaGVpZ2h0PSIxIiB4bWxucz0iaHR0cDovL3d3dy53My5vcmcvMjAwMC9zdmciPjwvc3ZnPg==\" style=\"--smush-placeholder-width: 300px; --smush-placeholder-aspect-ratio: 300\/300;\" \/><h2 class=\"woocommerce-loop-product__title\">J\u00fcrgen Paas: JUKEBOX (347 orange)<\/h2>\n\t<span class=\"price\"><span class=\"woocommerce-Price-amount amount\"><bdi>8.500,00&nbsp;<span class=\"woocommerce-Price-currencySymbol\">&euro;<\/span><\/bdi><\/span><\/span>\n<\/a><a href=\"https:\/\/www.galerie-obrist.de\/en\/produkt\/juergen-paas-jukebox-347-orange\/\" class=\"button product_type_simple\">Details<\/a>\t<span id=\"woocommerce_loop_add_to_cart_link_describedby_19196\" class=\"screen-reader-text\">\n\t\t\t<\/span>\n<\/li>\n<li class=\"product type-product post-19198 status-publish last instock product_cat-malerei product_cat-callforprice product_cat-vip-lounge product_tag-callforprice product_tag-juergen-paas has-post-thumbnail taxable shipping-taxable product-type-simple\">\n\t<a href=\"https:\/\/www.galerie-obrist.de\/en\/produkt\/juergen-paas-jukebox-124-petrol\/\" class=\"woocommerce-LoopProduct-link woocommerce-loop-product__link\"><img decoding=\"async\" width=\"300\" height=\"300\" data-src=\"https:\/\/www.galerie-obrist.de\/wordpress\/wp-content\/uploads\/2025\/10\/IMG_5817-300x300.jpg\" class=\"attachment-woocommerce_thumbnail size-woocommerce_thumbnail lazyload\" alt=\"J\u00fcrgen Paas: JUKEBOX (124 petrol)\" data-srcset=\"https:\/\/www.galerie-obrist.de\/wordpress\/wp-content\/uploads\/2025\/10\/IMG_5817-300x300.jpg 300w, https:\/\/www.galerie-obrist.de\/wordpress\/wp-content\/uploads\/2025\/10\/IMG_5817-150x150.jpg 150w\" data-sizes=\"100vw\" src=\"data:image\/svg+xml;base64,PHN2ZyB3aWR0aD0iMSIgaGVpZ2h0PSIxIiB4bWxucz0iaHR0cDovL3d3dy53My5vcmcvMjAwMC9zdmciPjwvc3ZnPg==\" style=\"--smush-placeholder-width: 300px; --smush-placeholder-aspect-ratio: 300\/300;\" \/><h2 class=\"woocommerce-loop-product__title\">J\u00fcrgen Paas: JUKEBOX (124 petrol)<\/h2>\n\t<span class=\"price\"><span class=\"woocommerce-Price-amount amount\"><bdi>14.500,00&nbsp;<span class=\"woocommerce-Price-currencySymbol\">&euro;<\/span><\/bdi><\/span><\/span>\n<\/a><a href=\"https:\/\/www.galerie-obrist.de\/en\/produkt\/juergen-paas-jukebox-124-petrol\/\" class=\"button product_type_simple\">Details<\/a>\t<span id=\"woocommerce_loop_add_to_cart_link_describedby_19198\" class=\"screen-reader-text\">\n\t\t\t<\/span>\n<\/li>\n<li class=\"product type-product post-19200 status-publish first instock product_cat-art-salon-zurich-25 product_cat-malerei product_cat-callforprice product_tag-callforprice product_tag-juergen-paas has-post-thumbnail taxable shipping-taxable product-type-simple\">\n\t<a href=\"https:\/\/www.galerie-obrist.de\/en\/produkt\/juergen-paas-jukebox-318-silber\/\" class=\"woocommerce-LoopProduct-link woocommerce-loop-product__link\"><img decoding=\"async\" width=\"300\" height=\"300\" data-src=\"https:\/\/www.galerie-obrist.de\/wordpress\/wp-content\/uploads\/2025\/10\/IMG_5060-scaled-300x300.jpeg\" class=\"attachment-woocommerce_thumbnail size-woocommerce_thumbnail lazyload\" alt=\"J\u00fcrgen Paas: JUKEBOX (318 silber)\" data-srcset=\"https:\/\/www.galerie-obrist.de\/wordpress\/wp-content\/uploads\/2025\/10\/IMG_5060-scaled-300x300.jpeg 300w, https:\/\/www.galerie-obrist.de\/wordpress\/wp-content\/uploads\/2025\/10\/IMG_5060-150x150.jpeg 150w\" data-sizes=\"100vw\" src=\"data:image\/svg+xml;base64,PHN2ZyB3aWR0aD0iMSIgaGVpZ2h0PSIxIiB4bWxucz0iaHR0cDovL3d3dy53My5vcmcvMjAwMC9zdmciPjwvc3ZnPg==\" style=\"--smush-placeholder-width: 300px; --smush-placeholder-aspect-ratio: 300\/300;\" \/><h2 class=\"woocommerce-loop-product__title\">J\u00fcrgen Paas: JUKEBOX (318 silber)<\/h2>\n\t<span class=\"price\"><span class=\"woocommerce-Price-amount amount\"><bdi>5.500,00&nbsp;<span class=\"woocommerce-Price-currencySymbol\">&euro;<\/span><\/bdi><\/span><\/span>\n<\/a><a href=\"https:\/\/www.galerie-obrist.de\/en\/produkt\/juergen-paas-jukebox-318-silber\/\" class=\"button product_type_simple\">Details<\/a>\t<span id=\"woocommerce_loop_add_to_cart_link_describedby_19200\" class=\"screen-reader-text\">\n\t\t\t<\/span>\n<\/li>\n<li class=\"product type-product post-19205 status-publish instock product_cat-art-karlsruhe-2026 product_cat-art-salon-zurich-25 product_cat-malerei product_cat-callforprice product_cat-positions-2026 product_tag-callforprice product_tag-juergen-paas has-post-thumbnail taxable shipping-taxable product-type-simple\">\n\t<a href=\"https:\/\/www.galerie-obrist.de\/en\/produkt\/juergen-paas-jukebox-310-dunkelblau\/\" class=\"woocommerce-LoopProduct-link woocommerce-loop-product__link\"><img decoding=\"async\" width=\"300\" height=\"300\" data-src=\"https:\/\/www.galerie-obrist.de\/wordpress\/wp-content\/uploads\/2025\/10\/Bildschirmfoto-2025-10-15-um-13.12.26-300x300.png\" class=\"attachment-woocommerce_thumbnail size-woocommerce_thumbnail lazyload\" alt=\"J\u00fcrgen Paas: JUKEBOX (310 dunkelblau)\" data-srcset=\"https:\/\/www.galerie-obrist.de\/wordpress\/wp-content\/uploads\/2025\/10\/Bildschirmfoto-2025-10-15-um-13.12.26-300x300.png 300w, https:\/\/www.galerie-obrist.de\/wordpress\/wp-content\/uploads\/2025\/10\/Bildschirmfoto-2025-10-15-um-13.12.26-150x150.png 150w, https:\/\/www.galerie-obrist.de\/wordpress\/wp-content\/uploads\/2025\/10\/Bildschirmfoto-2025-10-15-um-13.12.26-100x100.png 100w\" data-sizes=\"100vw\" src=\"data:image\/svg+xml;base64,PHN2ZyB3aWR0aD0iMSIgaGVpZ2h0PSIxIiB4bWxucz0iaHR0cDovL3d3dy53My5vcmcvMjAwMC9zdmciPjwvc3ZnPg==\" style=\"--smush-placeholder-width: 300px; --smush-placeholder-aspect-ratio: 300\/300;\" \/><h2 class=\"woocommerce-loop-product__title\">J\u00fcrgen Paas: JUKEBOX (310 dunkelblau)<\/h2>\n\t<span class=\"price\"><span class=\"woocommerce-Price-amount amount\"><bdi>5.500,00&nbsp;<span class=\"woocommerce-Price-currencySymbol\">&euro;<\/span><\/bdi><\/span><\/span>\n<\/a><a href=\"https:\/\/www.galerie-obrist.de\/en\/produkt\/juergen-paas-jukebox-310-dunkelblau\/\" class=\"button product_type_simple\">Details<\/a>\t<span id=\"woocommerce_loop_add_to_cart_link_describedby_19205\" class=\"screen-reader-text\">\n\t\t\t<\/span>\n<\/li>\n<li class=\"product type-product post-19206 status-publish instock product_cat-art-salon-zurich-25 product_cat-malerei product_cat-callforprice product_tag-callforprice product_tag-juergen-paas has-post-thumbnail taxable shipping-taxable product-type-simple\">\n\t<a href=\"https:\/\/www.galerie-obrist.de\/en\/produkt\/juergen-paas-jukebox-265-blau\/\" class=\"woocommerce-LoopProduct-link woocommerce-loop-product__link\"><img decoding=\"async\" width=\"300\" height=\"300\" data-src=\"https:\/\/www.galerie-obrist.de\/wordpress\/wp-content\/uploads\/2025\/10\/Bildschirmfoto-2025-10-15-um-13.12.39-300x300.png\" class=\"attachment-woocommerce_thumbnail size-woocommerce_thumbnail lazyload\" alt=\"J\u00fcrgen Paas: JUKEBOX (265 blau)\" data-srcset=\"https:\/\/www.galerie-obrist.de\/wordpress\/wp-content\/uploads\/2025\/10\/Bildschirmfoto-2025-10-15-um-13.12.39-300x300.png 300w, https:\/\/www.galerie-obrist.de\/wordpress\/wp-content\/uploads\/2025\/10\/Bildschirmfoto-2025-10-15-um-13.12.39-150x150.png 150w, https:\/\/www.galerie-obrist.de\/wordpress\/wp-content\/uploads\/2025\/10\/Bildschirmfoto-2025-10-15-um-13.12.39-100x100.png 100w\" data-sizes=\"100vw\" src=\"data:image\/svg+xml;base64,PHN2ZyB3aWR0aD0iMSIgaGVpZ2h0PSIxIiB4bWxucz0iaHR0cDovL3d3dy53My5vcmcvMjAwMC9zdmciPjwvc3ZnPg==\" style=\"--smush-placeholder-width: 300px; --smush-placeholder-aspect-ratio: 300\/300;\" \/><h2 class=\"woocommerce-loop-product__title\">J\u00fcrgen Paas: JUKEBOX (265 blau)<\/h2>\n\t<span class=\"price\"><span class=\"woocommerce-Price-amount amount\"><bdi>5.500,00&nbsp;<span class=\"woocommerce-Price-currencySymbol\">&euro;<\/span><\/bdi><\/span><\/span>\n<\/a><a href=\"https:\/\/www.galerie-obrist.de\/en\/produkt\/juergen-paas-jukebox-265-blau\/\" class=\"button product_type_simple\">Details<\/a>\t<span id=\"woocommerce_loop_add_to_cart_link_describedby_19206\" class=\"screen-reader-text\">\n\t\t\t<\/span>\n<\/li>\n<li class=\"product type-product post-19207 status-publish last instock product_cat-art-karlsruhe-2026 product_cat-art-salon-zurich-25 product_cat-malerei product_cat-callforprice product_tag-callforprice product_tag-juergen-paas has-post-thumbnail taxable shipping-taxable product-type-simple\">\n\t<a href=\"https:\/\/www.galerie-obrist.de\/en\/produkt\/juergen-paas-jukebox-298-pink\/\" class=\"woocommerce-LoopProduct-link woocommerce-loop-product__link\"><img decoding=\"async\" width=\"300\" height=\"300\" data-src=\"https:\/\/www.galerie-obrist.de\/wordpress\/wp-content\/uploads\/2025\/10\/IMG_5058-scaled-300x300.jpeg\" class=\"attachment-woocommerce_thumbnail size-woocommerce_thumbnail lazyload\" alt=\"J\u00fcrgen Paas: JUKEBOX (298 pink)\" data-srcset=\"https:\/\/www.galerie-obrist.de\/wordpress\/wp-content\/uploads\/2025\/10\/IMG_5058-scaled-300x300.jpeg 300w, https:\/\/www.galerie-obrist.de\/wordpress\/wp-content\/uploads\/2025\/10\/IMG_5058-150x150.jpeg 150w, https:\/\/www.galerie-obrist.de\/wordpress\/wp-content\/uploads\/2025\/10\/IMG_5058-scaled-100x100.jpeg 100w\" data-sizes=\"100vw\" src=\"data:image\/svg+xml;base64,PHN2ZyB3aWR0aD0iMSIgaGVpZ2h0PSIxIiB4bWxucz0iaHR0cDovL3d3dy53My5vcmcvMjAwMC9zdmciPjwvc3ZnPg==\" style=\"--smush-placeholder-width: 300px; --smush-placeholder-aspect-ratio: 300\/300;\" \/><h2 class=\"woocommerce-loop-product__title\">J\u00fcrgen Paas: JUKEBOX (298 pink)<\/h2>\n\t<span class=\"price\"><span class=\"woocommerce-Price-amount amount\"><bdi>5.200,00&nbsp;<span class=\"woocommerce-Price-currencySymbol\">&euro;<\/span><\/bdi><\/span><\/span>\n<\/a><a href=\"https:\/\/www.galerie-obrist.de\/en\/produkt\/juergen-paas-jukebox-298-pink\/\" class=\"button product_type_simple\">Details<\/a>\t<span id=\"woocommerce_loop_add_to_cart_link_describedby_19207\" class=\"screen-reader-text\">\n\t\t\t<\/span>\n<\/li>\n<\/ul>\n<\/div>\n<p>EXHIBITIONS<br \/>\n<!-- Page-list plugin v.5.9 wordpress.org\/plugins\/page-list\/ -->\n<ul class=\"page-list \">\n<li class=\"page_item page-item-13707\"><a href=\"https:\/\/www.galerie-obrist.de\/en\/artists\/paas\/paas2023\/\">J\u00fcrgen Paas. NEON (2023)<\/a><\/li>\n<li class=\"page_item page-item-11815\"><a href=\"https:\/\/www.galerie-obrist.de\/en\/artists\/paas\/paas2021\/\">J\u00fcrgen Paas. United Colours (2021)<\/a><\/li>\n<li class=\"page_item page-item-9788\"><a href=\"https:\/\/www.galerie-obrist.de\/en\/artists\/paas\/paas2019\/\">J\u00fcrgen Paas &#8211; Plaste &#038; Elaste (2019)<\/a><\/li>\n<li class=\"page_item page-item-5651\"><a href=\"https:\/\/www.galerie-obrist.de\/en\/artists\/paas\/paas2017\/\">J\u00fcrgen Paas &#8211; Jukebox (2017)<\/a><\/li>\n<li class=\"page_item page-item-4678\"><a href=\"https:\/\/www.galerie-obrist.de\/en\/artists\/paas\/paas2015\/\">J\u00fcrgen Paas &#8211; BlinkyBlinky (2015)<\/a><\/li>\n<li class=\"page_item page-item-3795\"><a href=\"https:\/\/www.galerie-obrist.de\/en\/artists\/paas\/paas2014\/\">EDGES &#8211; Bodo Korsig, J\u00fcrgen Paas, Dirk Salz (2014)<\/a><\/li>\n<li class=\"page_item page-item-3037\"><a href=\"https:\/\/www.galerie-obrist.de\/en\/artists\/paas\/paas2013\/\">J\u00fcrgen Paas: SPUTNIK I and II (2013)<\/a><\/li>\n<li class=\"page_item page-item-2704\"><a href=\"https:\/\/www.galerie-obrist.de\/en\/artists\/paas\/paas2011\/\">J\u00fcrgen Paas: POPPLANET (2011)<\/a><\/li>\n\n<\/ul><\/p>\n<p><b>CV<\/b><\/p>\n<p>J\u00fcrgen Paas<br \/>\n1958 born in Krefeld, lives and works in Essen, Germany<\/span><\/p>\n<p><span lang=\"en-us\">1981 \u2013 87 Studies at Hochschule Essen with L\u00e1szl\u00f3 Lakner, Rudolf Vombeck and Franz Rudolf Knubel<br \/>\n1991 \u2013 92 Studium an der \u00c9cole Nationale Sup\u00e9rieure des Beaux-Arts, Paris<br \/>\n2001 Teacher for painting at the Institut f\u00fcr Kunst und ihre Didaktik at University Dortmund<br \/>\n1995 \u2013 2002 Teacher for Bildnerische Experimente at the Hochschule Essen<br \/>\n2002 \u2013 03 Professor for painting at the Institut f\u00fcr Kunst und ihre Theorie at University Cologne<\/span><\/p>\n<p><span lang=\"de\">AWARDS AND SCHOLARSHIPS<\/span><\/p>\n<p><span lang=\"en-us\">1989 Arbeitsstipendium des Deutsch-Franz\u00f6sischen Jugendwerks<br \/>\n1991 \u2013 92 DAAD \u2013 Jahresstipendium, Frankreich<br \/>\n1992 Malerei \u2013 Preis der Ursula-Bickle-Stiftung, Kraichtal und Wien<br \/>\n1996 Stipendium der Studienstiftung des Deutschen Volkes f\u00fcr das Studienzentrum Venedig<br \/>\n1997 TRANSFER \u2013 Stipendium des Landes NRW<br \/>\n1999 Stiftung Cit\u00e9 International des Arts, Paris<br \/>\n2000 Formprinzip Farbe \u2013 Preis der Volksbank Gelsenkirchen f\u00fcr Malerei<br \/>\n2005 Arbeitsstipendium Hooksiel<br \/>\n2006 Sickingen Kunstpreis \u2013 Preis des Landkreises Kaiserslautern f\u00fcr Malerei<br \/>\n2012 Arbeitsstipendium des Landes Mecklenburg-Vorpommern<\/span><\/p>\n<p>SOLO EXHIBITIONS<\/p>\n<p>2023<br \/>\nNEON, Galerie Obrist, Essen<\/p>\n<p>2022<br \/>\nMINIMAL 1 (w. Bodo Korsig u. Hans Sch\u00fcle), Galerie KunstKontor, N\u00fcrnberg<br \/>\nPRIME TIME (w. Willi Siber), Stern-Wywiol Galerie, Hamburg<br \/>\nBLURB!, Kunstverein W\u00fcrzburg<br \/>\nCOLLECTORS LOUNGE, Galerie Obrist, Essen<br \/>\nCROMATIC PERSPECTIVE (w. Wolfgang Flad u. Hans Kotter), Kunstraum Villa Friede, Bonn-Mehlem<br \/>\nPLAY OF COLORS, DEJI ART MUSEUM, NANJING (CHINA)<br \/>\nREBOOT (w. Bodo Korsig), GPLCONTEMPORARY, VIENNA (\u00d6STERREICH)<\/p>\n<p>2021<br \/>\nUnited Colours, Galerie Obrist, Essen<br \/>\nConey Island Baby, Galerie Bernd Lausberg, Du\u0308sseldorf<br \/>\nCROSS OVER III, (w. Peter Schl\u00f6r) FORYOUANDYOURCUSTOMERS, Essen<br \/>\nCRUNCH TIME, (w. Dirk Salz) Heitsch Gallery, M\u00fcnchen<\/p>\n<p>2020<br \/>\nVERTIGO, Galerie Robert Drees Hannover<br \/>\nCROSS OVER II, (m. Peter Schl\u00f6r) FORYOUANDYOURCUSTOMERS, Essen<br \/>\nWALK THE LINE, GPLcontemporary, Vienna (Austria)<br \/>\nConcerto, +BASEMENT GALLERY, Essen<\/p>\n<p>2019<br \/>\nPlaste &#038; Elaste, Galerie Obrist, Essen*<br \/>\nNeue Galerie Landshut*<br \/>\nHeitschi Gallery, M\u00fcnchen*<br \/>\nStern-Wywiol Galerie, Hamburg*<br \/>\nKunsthaus Rehau*<br \/>\nKunststation Kleinsassen*<\/p>\n<p>2018<br \/>\nWONDERWHEEL, Galerie Bernd A. Lausberg, D\u00fcsseldorf*<br \/>\nCOLDPLAY (w. Ottmar H\u00f6rl), SCHMALFUSS BERLIN CONTEMPORARY FINE ART*<br \/>\nTARGET&#038;JUKEBOX, Kunstverein Region Heinsberg* <br \/>\nReflected Light \u2013 Broken colors, HEITSCH GALLERY, M\u00fcnchen*<br \/>\nJUKEBOX.Reloaded, Mannheimer Kunstverein* <br \/>\n\u2013ZWEI\u2013 (w. Reiner Seliger), Galerie Linde Hollinger, Ladenburg*<br \/>\nIn the Material (w. J\u00fcrgen Jansen), GALERIE MICHAEL W. SCHMALFUSS, Marburg*<\/p>\n<p>2017<br \/>\nJUKEBOX, Galerie Obrist, Essen*<br \/>\nDer bewegte Moment (w. Michael Ecker u. Erwin Herbst), Kunstverein Bad Nauheim<br \/>\nUnder Construction, FORYOUANDYOURCUSTOMERS, Amsterdam (NL)<br \/>\nBASEMENT, Galerie Obrist, Essen<br \/>\nFarbrausch (m. Dieter Balzer u. Willi Siber), Stern-Wywiol Galerie, Hamburg<\/p>\n<p>2016<br \/>\nFlashback, KUNSTRAUMNO.10, M\u00f6nchengladbach*<br \/>\nTargets, Galerie Peithner-Lichtenfels, Wien<br \/>\nExpect the unexpected (m. B. Korsig), Galerie Schmalfuss, Berlin<br \/>\nScreenshots, Galerie Bernd A. Lausberg, D\u00fcsseldorf<br \/>\nSoundmix, FORYOUANDYOURCUSTOMERS, D\u00fcsseldorf<br \/>\nFarewell&#8230; , (m. L. Grave), ZWEIGSTELLE BERLIN<br \/>\n2015<br \/>\nHULLAHOOP, Stern-Wywiol Galerie, Hamburg*<br \/>\nBlinkyBlinky, Galerie Obrist, Essen<br \/>\nMinimals (m. V. Hulik u. R. Roy), Galerie Linde Hollinger, Ladenburg<br \/>\nSpring, Galerie Wolfrum, Wien<br \/>\n2014<br \/>\nSoundtracks, A | B | Contemporary Armin Berger Gallery, Z\u00fcrich<br \/>\nMinimale Signale, Villa Stahmer, Georgsmarienh\u00fctte<br \/>\nBlack Square Series, Ey-5, Galerie Obrist, D\u00fcsseldorf*<br \/>\nRed Disk &#8211; Black Book, Galerie Peithner Lichtenfels, Wien<br \/>\nSlow Motion, Galerie Bernd A. Lausberg, D\u00fcsseldorf<br \/>\nINTERMEZZO. Week-end \u00e0 Paris, Galerie Obrist Contemporary, Paris<br \/>\n2013<br \/>\nMissing Colors, A | B | Contemporary Armin Berger Gallery, Z\u00fcrich*<br \/>\nSputnik II, Ey-5, Galerie Obrist, D\u00fcsseldorf*<br \/>\nSputnik I, Galerie Obrist, Essen*<br \/>\n(P)review, Zweigstelle, Berlin*<br \/>\n2012<br \/>\nRHEINFARBEN, Museum Katharinenhof, Kranenburg<br \/>\nBLUE MOON, cor galerie z\u00fcrich<br \/>\nWUNDERBAR, Galerie Lausberg, D\u00fcsseldorf<br \/>\n3DIMENSION, Galerie Linde Hollinger, Ladenburg<br \/>\nHELLOWEEN, Galerie Peithner-Lichtenfels, Wien<br \/>\nFEHLFARBEN, Galerie Walzinger, Saarlouis<br \/>\n2011<br \/>\nPOPPLANET, Galerie Obrist am Museum, Essen*<br \/>\nGalerie Linde Hollinger<br \/>\nPolychromes, Kunstverein Speyer*<br \/>\n2010<br \/>\nIn the presence of an original &#8211; Squares, Circles, Loops and Dots, Lausberg Contemporary, Toronto*<br \/>\nShort Cuts, Zweigstelle, Berlin*<br \/>\n2009<br \/>\ncrossover, winterquartier im refugium 2, Berlin<br \/>\nHyperarchiv, Kunstverein Ruhr, Essen*<br \/>\nDisplay, Kunstraum Westend, Frankfurt\/M.<br \/>\nPlaytime, Galerie Contemporaneum, Trier*<br \/>\n2008<br \/>\nOrange, Hellblau und Schwarz, KUNSTRAUMNO.10, M\u00f6nchengladbach<br \/>\nPOP, Galerie Bengelstr\u00e4ter, Iserlohn u. D\u00fcsseldorf<br \/>\nBlaue B\u00fccher und andere Farben, Kunstverein Bruchsal<br \/>\nFlammende Herzen, Galerie Bernd A. Lausberg, D\u00fcsseldorf<br \/>\nKINO, Galerie Christian Fochem, Krefeld<br \/>\n2007<br \/>\nKreise ziehen, Galerie Linde Hollinger, Ladenburg<br \/>\nBlack Circle, Galerie Garanin\/Raum3, Essen<br \/>\nHELIX I u. II, NEUES PROBLEM BERLIN<br \/>\n2006<br \/>\nIndex, Kunsthalle Bremerhaven*<br \/>\nBilder f\u00fcr VG, Galerie Vordemberge-Gildewart, Osnabr\u00fcck<br \/>\nBlack Box, Kunstverein Schwerte<br \/>\n2005<br \/>\nBlack Square, Galerie Garanin\/Raum3, Essen<br \/>\nEcken und Kanten, Galerie Christian Fochem, Krefeld<br \/>\nRom-Venedig-Hooksiel, Kunstraum Hooksiel*<br \/>\n2004<br \/>\nKrefelder H\u00e4ngung, Kunstverein Krefeld*<br \/>\nColourcube I Galerie Ortart, N\u00fcrnberg<br \/>\nColourcube II, Galerie Angelo Falzone, Mannheim<br \/>\nFettes Rot, Galerie Bernd A. Lausberg, D\u00fcsseldorf<br \/>\n2003<br \/>\nFarbarbeiten, Alte Reichsabtei &#8211; Sammlung Kunst aus Nordrhein-Westfalen, Aachen-Kornelim\u00fcnster*<br \/>\nAuf keinen Fall ein Blumenstilleben, Galerie Bernd A. Lausberg, D\u00fcsseldorf<br \/>\nNeue Farbarbeiten, Art Studio 1, Deinste<br \/>\nFarbe-Material-Raum, Galerie Brhel, Schwerin<br \/>\nAichachplateau, Kunstverein Aichach*<br \/>\nF\u00fcnfzig Farben, Kunstverein Heinsberg*<br \/>\nGaraninarchiv, Galerie Garanin, Berlin<br \/>\n2002<br \/>\nM\u00fclheimblock, Museum der Stadt M\u00fclheim*<br \/>\nMalerei, Galerie Hellebrand, Duisburg<br \/>\nJeu de couleur, Galerie januar, Bochum<br \/>\nJeu des carr\u00e9, Galerie Angelo Falzone, Mannheim<br \/>\n2001<br \/>\nDekalog, Raum3, Essen<br \/>\nRot-Gelb-Blau, Galerie S., Aachen*<br \/>\nIn Betweens, (m. Th. Deyle) Galerie Garanin, Berlin*<br \/>\nSchildern, Demmel Kunstprojekte, Osnabr\u00fcck*<br \/>\n2000<br \/>\nBarock, Galerie Christian Fochem, Krefeld<br \/>\nReminiszenzen I, Kunstverein Siegen*<br \/>\nReminiszenzen II, Kunstverein Ahlen*<br \/>\nFarbarchive, St\u00e4dt. Galerie Mainz<br \/>\nHere I am, Galerie Garanin, Berlin<br \/>\n1999<br \/>\nEin wei\u00dfer leerer Raum, Kunstverein Unna*<br \/>\nFriedberger H\u00e4ngung, Kunstverein Friedberg*<br \/>\nOsnabr\u00fccker Attit\u00fcde, Galerie Kaumk\u00f6tter und Partner, Osnabr\u00fcck<\/span><\/p>\n<p>\u00a0<br \/>\n<span lang=\"en-us\"><b>RELATED POSTS&#8230;<\/b><\/span><br \/>\n[related_post themes=&#8221;text&#8221;]<\/p>\n","protected":false},"excerpt":{"rendered":"<p>WORKS EXHIBITIONS CV J\u00fcrgen Paas 1958 born in Krefeld, lives and works in Essen, Germany 1981 \u2013 87 Studies at Hochschule Essen with L\u00e1szl\u00f3 Lakner, Rudolf Vombeck and Franz Rudolf Knubel 1991 \u2013 92 Studium an der \u00c9cole Nationale Sup\u00e9rieure des Beaux-Arts, Paris 2001 Teacher for painting at the Institut f\u00fcr Kunst und ihre Didaktik &hellip; <\/p>\n<p class=\"link-more\"><a href=\"https:\/\/www.galerie-obrist.de\/en\/artists\/paas\/\" class=\"more-link\">Read more<span class=\"screen-reader-text\"> &#8220;J\u00fcrgen Paas&#8221;<\/span><\/a><\/p>\n","protected":false},"author":2,"featured_media":9058,"parent":1127,"menu_order":0,"comment_status":"open","ping_status":"closed","template":"","meta":{"ngg_post_thumbnail":0,"footnotes":""},"class_list":["post-1475","page","type-page","status-publish","has-post-thumbnail","hentry"],"translation":{"provider":"WPGlobus","version":"3.0.2","language":"en","enabled_languages":["de","en"],"languages":{"de":{"title":true,"content":true,"excerpt":false},"en":{"title":true,"content":true,"excerpt":false}}},"_links":{"self":[{"href":"https:\/\/www.galerie-obrist.de\/en\/wp-json\/wp\/v2\/pages\/1475","targetHints":{"allow":["GET"]}}],"collection":[{"href":"https:\/\/www.galerie-obrist.de\/en\/wp-json\/wp\/v2\/pages"}],"about":[{"href":"https:\/\/www.galerie-obrist.de\/en\/wp-json\/wp\/v2\/types\/page"}],"author":[{"embeddable":true,"href":"https:\/\/www.galerie-obrist.de\/en\/wp-json\/wp\/v2\/users\/2"}],"replies":[{"embeddable":true,"href":"https:\/\/www.galerie-obrist.de\/en\/wp-json\/wp\/v2\/comments?post=1475"}],"version-history":[{"count":48,"href":"https:\/\/www.galerie-obrist.de\/en\/wp-json\/wp\/v2\/pages\/1475\/revisions"}],"predecessor-version":[{"id":19082,"href":"https:\/\/www.galerie-obrist.de\/en\/wp-json\/wp\/v2\/pages\/1475\/revisions\/19082"}],"up":[{"embeddable":true,"href":"https:\/\/www.galerie-obrist.de\/en\/wp-json\/wp\/v2\/pages\/1127"}],"wp:featuredmedia":[{"embeddable":true,"href":"https:\/\/www.galerie-obrist.de\/en\/wp-json\/wp\/v2\/media\/9058"}],"wp:attachment":[{"href":"https:\/\/www.galerie-obrist.de\/en\/wp-json\/wp\/v2\/media?parent=1475"}],"curies":[{"name":"wp","href":"https:\/\/api.w.org\/{rel}","templated":true}]}}